{"id":3821,"date":"2025-06-17T19:21:18","date_gmt":"2025-06-18T01:21:18","guid":{"rendered":"http:\/\/www.utbb.edu.mx\/?page_id=3821"},"modified":"2025-06-24T20:44:24","modified_gmt":"2025-06-25T02:44:24","slug":"neurodiversidad","status":"publish","type":"page","link":"https:\/\/www.utbb.edu.mx\/?page_id=3821","title":{"rendered":"Neurodiversidad"},"content":{"rendered":"\n\n<div class=\"wp-block-kadence-column kadence-column3821_5f114a-92 inner-column-1\"><div class=\"kt-inside-inner-col\">\n<h2 class=\"kt-adv-heading3821_fbf708-86 wp-block-kadence-advancedheading has-theme-palette-3-color has-text-color\" data-kb-block=\"kb-adv-heading3821_fbf708-86\">\u00bfQu\u00e9 es la Neurodiversidad?<\/h2>\n\n\n\n<p class=\"kt-adv-heading3821_bce4e3-89 wp-block-kadence-advancedheading has-theme-palette-4-color has-text-color\" data-kb-block=\"kb-adv-heading3821_bce4e3-89\">La neurodiversidad reconoce que no todas las personas procesamos la informaci\u00f3n de la misma manera. Algunas mentes son m\u00e1s anal\u00edticas, otras m\u00e1s creativas; algunas necesitan estructuras claras, otras aprenden mejor a trav\u00e9s de la experiencia. Condiciones como la dislexia, el TDAH, el autismo y otras formas de diversidad cognitiva no son enfermedades, sino formas \u00fanicas de pensar y experimentar el mundo.<\/p>\n\n\n\n<h3 class=\"kt-adv-heading3821_ead115-9e wp-block-kadence-advancedheading\" data-kb-block=\"kb-adv-heading3821_ead115-9e\"><strong>En un entorno inclusivo, todas las formas de aprendizaje y comunicaci\u00f3n son bienvenidas.<\/strong><\/h3>\n\n\n\n<p class=\"kt-adv-heading3821_2e1e0e-92 wp-block-kadence-advancedheading\" data-kb-block=\"kb-adv-heading3821_2e1e0e-92\"><em>&#8220;La inclusi\u00f3n no es solo aceptar las diferencias, sino celebrarlas como parte de nuestra riqueza humana.&#8221;<\/em><\/p>\n<\/div><\/div>\n\n\n\n\n\n<div class=\"wp-block-kadence-column kadence-column3821_fdbd77-d2 inner-column-1\"><div class=\"kt-inside-inner-col\">\n\n<div class=\"wp-block-kadence-column kadence-column3821_b33baa-4b inner-column-1\"><div class=\"kt-inside-inner-col\">\n<h2 class=\"kt-adv-heading3821_92969d-1d wp-block-kadence-advancedheading\" data-kb-block=\"kb-adv-heading3821_92969d-1d\">\u00bfTienes un trastorno o solo eres diferente?<\/h2>\n<\/div><\/div>\n\n\n\n\n\n<div class=\"wp-block-kadence-column kadence-column3821_094833-66 inner-column-1\"><div class=\"kt-inside-inner-col\">\n<p class=\"kt-adv-heading3821_fe1df9-93 wp-block-kadence-advancedheading\" data-kb-block=\"kb-adv-heading3821_fe1df9-93\">Este video explora c\u00f3mo las diferencias neurol\u00f3gicas, como el autismo y el TDAH, forman parte de la diversidad humana y c\u00f3mo debemos valorarlas en lugar de considerarlas como trastornos.<\/p>\n<\/div><\/div>\n\n\n\n\n<div class=\"wp-block-kadence-column kadence-column3821_bb5210-7c\"><div class=\"kt-inside-inner-col\">\n<figure class=\"wp-block-embed is-type-video is-provider-youtube wp-block-embed-youtube wp-embed-aspect-16-9 wp-has-aspect-ratio\"><div class=\"wp-block-embed__wrapper\">\n<iframe loading=\"lazy\" title=\"Neurodiversidad: Un Cambio de Mirada\" width=\"832\" height=\"468\" src=\"https:\/\/www.youtube.com\/embed\/jpk1_JK2WZM?feature=oembed\" frameborder=\"0\" allow=\"accelerometer; autoplay; clipboard-write; encrypted-media; gyroscope; picture-in-picture; web-share\" referrerpolicy=\"strict-origin-when-cross-origin\" allowfullscreen><\/iframe>\n<\/div><\/figure>\n<\/div><\/div>\n<\/div><\/div>\n\n\n\n\n\n<div class=\"wp-block-kadence-column kadence-column3821_cd3964-8d inner-column-1\"><div class=\"kt-inside-inner-col\">\n<h2 class=\"kt-adv-heading3821_65f552-6e wp-block-kadence-advancedheading\" data-kb-block=\"kb-adv-heading3821_65f552-6e\">Importancia de la Neurodiversidad<\/h2>\n\n\n\n<p class=\"kt-adv-heading3821_226706-5f wp-block-kadence-advancedheading\" data-kb-block=\"kb-adv-heading3821_226706-5f\">En un mundo donde cada mente funciona de manera \u00fanica, reconocer y valorar la neurodiversidad no solo es un acto de inclusi\u00f3n, sino una oportunidad para enriquecer nuestras comunidades y entornos de aprendizaje.<\/p>\n\n\n\n<div class=\"wp-block-kadence-column kadence-column3821_cf101a-4f kb-section-dir-vertical kb-section-md-dir-vertical\"><div class=\"kt-inside-inner-col\">\n<div class=\"wp-block-kadence-column kadence-column3821_a87c3f-f9 kb-section-dir-vertical inner-column-4\"><div class=\"kt-inside-inner-col\">\n<div class=\"wp-block-kadence-infobox kt-info-box3821_bb8602-5b\"><span class=\"kt-blocks-info-box-link-wrap info-box-link kt-blocks-info-box-media-align-left kt-info-halign-left\"><div class=\"kt-blocks-info-box-media-container\"><div class=\"kt-blocks-info-box-media kt-info-media-animate-none\"><div class=\"kadence-info-box-icon-container kt-info-icon-animate-none\"><div class=\"kadence-info-box-icon-inner-container\"><span data-name=\"fas_book-open\" data-class=\"kt-info-svg-icon\" class=\"kadence-dynamic-icon\"><\/span><\/div><\/div><\/div><\/div><div class=\"kt-infobox-textcontent\"><h4 class=\"kt-blocks-info-box-title\"><em>Beneficios de Aceptar la Diversidad Cognitiva<\/em><\/h4><p class=\"kt-blocks-info-box-text\">\u2714 <strong>Creatividad e innovaci\u00f3n:<\/strong> Las personas neuro divergentes pueden aportar nuevas perspectivas y soluciones a los problemas.<br>\u2714 <strong>Diversidad de pensamiento:<\/strong> Diferentes formas de procesar la informaci\u00f3n fomentan el aprendizaje y el desarrollo de habilidades colectivas.<br>\u2714 <strong>Ambientes m\u00e1s inclusivos:<\/strong> Adaptar los espacios y estrategias beneficia a todas las personas, no solo a aquellas con necesidades espec\u00edficas.<\/p><\/div><\/span><\/div>\n<\/div><\/div>\n\n\n\n<div class=\"wp-block-kadence-column kadence-column3821_2c3cb6-3a inner-column-4\"><div class=\"kt-inside-inner-col\">\n<div class=\"wp-block-kadence-infobox kt-info-box3821_f4a466-40\"><span class=\"kt-blocks-info-box-link-wrap info-box-link kt-blocks-info-box-media-align-left kt-info-halign-left\"><div class=\"kt-blocks-info-box-media-container\"><div class=\"kt-blocks-info-box-media kt-info-media-animate-none\"><div class=\"kadence-info-box-icon-container kt-info-icon-animate-none\"><div class=\"kadence-info-box-icon-inner-container\"><span data-name=\"fas_user-tie\" data-class=\"kt-info-svg-icon\" class=\"kadence-dynamic-icon\"><\/span><\/div><\/div><\/div><\/div><div class=\"kt-infobox-textcontent\"><h4 class=\"kt-blocks-info-box-title\"><em>Impacto en la Educaci\u00f3n, el Trabajo y la Sociedad<\/em><\/h4><p class=\"kt-blocks-info-box-text\">\ud83c\udf93 En la educaci\u00f3n: Al adaptar los m\u00e9todos de ense\u00f1anza, se mejora la experiencia de aprendizaje para todos los estudiantes, promoviendo un acceso equitativo al conocimiento.<br>\ud83d\udcbc En el trabajo: Empresas que valoran la neurodiversidad tienen equipos m\u00e1s innovadores y entornos laborales m\u00e1s inclusivos.<br>\ud83c\udfdb En la sociedad: Fomentar la aceptaci\u00f3n y el respeto por la diversidad cognitiva construye una comunidad m\u00e1s emp\u00e1tica y justa.<\/p><\/div><\/span><\/div>\n<\/div><\/div>\n\n\n\n<div class=\"wp-block-kadence-column kadence-column3821_c281fb-aa inner-column-4\"><div class=\"kt-inside-inner-col\">\n<div class=\"wp-block-kadence-infobox kt-info-box3821_1a2cff-af\"><span class=\"kt-blocks-info-box-link-wrap info-box-link kt-blocks-info-box-media-align-left kt-info-halign-left\"><div class=\"kt-blocks-info-box-media-container\"><div class=\"kt-blocks-info-box-media kt-info-media-animate-none\"><div class=\"kadence-info-box-icon-container kt-info-icon-animate-none\"><div class=\"kadence-info-box-icon-inner-container\"><span data-name=\"ic_check\" data-class=\"kt-info-svg-icon\" class=\"kadence-dynamic-icon\"><\/span><\/div><\/div><\/div><\/div><div class=\"kt-infobox-textcontent\"><h4 class=\"kt-blocks-info-box-title\"><em>Ejemplo de Ajustes Razonables<\/em><\/h4><p class=\"kt-blocks-info-box-text\">\ud83d\udccc En la universidad: Proporcionar tiempo extra en ex\u00e1menes o permitir el uso de lectores de pantalla para estudiantes con dislexia.<br>\ud83d\udccc En el trabajo: Flexibilizar los espacios de oficina con opciones de \u00e1reas tranquilas para personas con hipersensibilidad sensorial.<br>\ud83d\udccc En la vida cotidiana: Permitir opciones de comunicaci\u00f3n escrita para personas con dificultades en la expresi\u00f3n verbal.<\/p><\/div><\/span><\/div>\n<\/div><\/div>\n<\/div><\/div>\n<\/div><\/div>\n\n\n\n\n\n<div class=\"wp-block-kadence-column kadence-column3821_71d3f9-2f kb-section-dir-vertical inner-column-1\"><div class=\"kt-inside-inner-col\">\n<h2 class=\"kt-adv-heading3821_4cf886-8e wp-block-kadence-advancedheading has-theme-palette-3-color has-text-color\" data-kb-block=\"kb-adv-heading3821_4cf886-8e\">Estrategias de Inclusi\u00f3n<\/h2>\n\n\n\n<div class=\"wp-block-kadence-accordion alignnone\"><div class=\"kt-accordion-wrap kt-accordion-id3821_3f9a9a-4f kt-accordion-has-5-panes kt-active-pane-0 kt-accordion-block kt-pane-header-alignment-left kt-accodion-icon-style-arrow kt-accodion-icon-side-right\" style=\"max-width:none\"><div class=\"kt-accordion-inner-wrap\" data-allow-multiple-open=\"false\" data-start-open=\"0\">\n<div class=\"wp-block-kadence-pane kt-accordion-pane kt-accordion-pane-1 kt-pane3821_d2980d-1a\"><div class=\"kt-accordion-header-wrap\"><button class=\"kt-blocks-accordion-header kt-acccordion-button-label-show\" type=\"button\"><span class=\"kt-blocks-accordion-title-wrap\"><span class=\"kt-blocks-accordion-title\"><strong>En el \u00c1mbito Educativo<\/strong><\/span><\/span><span class=\"kt-blocks-accordion-icon-trigger\"><\/span><\/button><\/div><div class=\"kt-accordion-panel\"><div class=\"kt-accordion-panel-inner\">\n<p class=\"kt-adv-heading3821_758960-f9 wp-block-kadence-advancedheading\" data-kb-block=\"kb-adv-heading3821_758960-f9\"><strong>Cortometraje: &#8220;Ocurri\u00f3 en Colmenillas&#8221;<\/strong><br>Este cortometraje inclusivo fue realizado conjuntamente por alumnos del CEE APADIS y el CEIP Pr\u00edncipe Don Juan Manuel. Forma parte del proyecto &#8220;Luces, c\u00e1mara\u2026 Inclusi\u00f3n&#8221;, que busca fomentar la inclusi\u00f3n social entre todos los alumnos.&nbsp;<br><\/p>\n\n\n\n<div class=\"wp-block-kadence-advancedbtn kb-buttons-wrap kb-btns3821_77461b-b8\"><\/div>\n\n\n\n<p><br><strong>Documental: &#8220;We Have a Dream&#8221;<\/strong><br>Este documental franc\u00e9s dirigido por Pascal Plisson narra las historias de ni\u00f1os con discapacidades de distintas partes del mundo, reflexionando sobre c\u00f3mo afrontan la discapacidad en diferentes contextos y promoviendo la inclusi\u00f3n y el debate sobre las diferencias.&nbsp;<br><\/p>\n\n\n\n<div class=\"wp-block-kadence-advancedbtn kb-buttons-wrap kb-btns3821_802b21-6f\"><\/div>\n<\/div><\/div><\/div>\n\n\n\n<div class=\"wp-block-kadence-pane kt-accordion-pane kt-accordion-pane-2 kt-pane3821_2c952a-bb\"><div class=\"kt-accordion-header-wrap\"><button class=\"kt-blocks-accordion-header kt-acccordion-button-label-show\" type=\"button\"><span class=\"kt-blocks-accordion-title-wrap\"><span class=\"kt-blocks-accordion-title\"><strong>En el \u00c1mbito Laboral<\/strong><\/span><\/span><span class=\"kt-blocks-accordion-icon-trigger\"><\/span><\/button><\/div><div class=\"kt-accordion-panel\"><div class=\"kt-accordion-panel-inner\">\n<p class=\"kt-adv-heading3821_74c461-c3 wp-block-kadence-advancedheading\" data-kb-block=\"kb-adv-heading3821_74c461-c3\"><strong>TED Talk: &#8220;Por qu\u00e9 contratar a personas con discapacidad es una ventaja competitiva&#8221;<\/strong><br>En esta charla, se expone c\u00f3mo la contrataci\u00f3n de personas con discapacidad no solo es una cuesti\u00f3n de responsabilidad social, sino que tambi\u00e9n aporta ventajas competitivas a las empresas. Se destacan ejemplos de adaptaciones laborales exitosas y se ofrecen estrategias para implementar entornos laborales inclusivos.<\/p>\n\n\n\n<div class=\"wp-block-kadence-advancedbtn kb-buttons-wrap kb-btns3821_1a83f4-01\"><\/div>\n<\/div><\/div><\/div>\n\n\n\n<div class=\"wp-block-kadence-pane kt-accordion-pane kt-accordion-pane-3 kt-pane3821_211987-56\"><div class=\"kt-accordion-header-wrap\"><button class=\"kt-blocks-accordion-header kt-acccordion-button-label-show\" type=\"button\"><span class=\"kt-blocks-accordion-title-wrap\"><span class=\"kt-blocks-accordion-title\"><strong>En la Vida Social y Comunitaria<\/strong><\/span><\/span><span class=\"kt-blocks-accordion-icon-trigger\"><\/span><\/button><\/div><div class=\"kt-accordion-panel\"><div class=\"kt-accordion-panel-inner\">\n<p class=\"kt-adv-heading3821_2e2824-5a wp-block-kadence-advancedheading\" data-kb-block=\"kb-adv-heading3821_2e2824-5a\"><strong>Serie Documental: &#8220;Ventana a mi Comunidad&#8221;<\/strong><br>Esta serie de videos presenta aspectos culturales de diversas comunidades ind\u00edgenas mexicanas, promoviendo el respeto y aprecio por la diversidad cultural. Es una herramienta educativa que busca desarrollar valores de respeto y aprecio a la diversidad en contextos culturalmente heterog\u00e9neos.<\/p>\n\n\n\n<div class=\"wp-block-kadence-advancedbtn kb-buttons-wrap kb-btns3821_d76e61-5a\"><\/div>\n<\/div><\/div><\/div>\n\n\n\n<div class=\"wp-block-kadence-pane kt-accordion-pane kt-accordion-pane-4 kt-pane3821_7cb582-c3\"><div class=\"kt-accordion-header-wrap\"><button class=\"kt-blocks-accordion-header kt-acccordion-button-label-show\" type=\"button\"><span class=\"kt-blocks-accordion-title-wrap\"><span class=\"kt-blocks-accordion-title\"><strong>Uso de Tecnolog\u00eda y Recursos Digitales<\/strong><\/span><\/span><span class=\"kt-blocks-accordion-icon-trigger\"><\/span><\/button><\/div><div class=\"kt-accordion-panel\"><div class=\"kt-accordion-panel-inner\">\n<p class=\"kt-adv-heading3821_ba8f9a-78 wp-block-kadence-advancedheading\" data-kb-block=\"kb-adv-heading3821_ba8f9a-78\"><strong>TED-Ed: &#8220;Lessons Worth Sharing&#8221;<\/strong><br>TED-Ed es una iniciativa educativa que ofrece videos animados explicando temas de una amplia gama de sectores, incluyendo estrategias de inclusi\u00f3n. Los educadores pueden personalizar las lecciones y adaptarlas a las necesidades de sus estudiantes, promoviendo un aprendizaje inclusivo y accesible.<\/p>\n\n\n\n<div class=\"wp-block-kadence-advancedbtn kb-buttons-wrap kb-btns3821_fcd171-c3\"><\/div>\n<\/div><\/div><\/div>\n\n\n\n<div class=\"wp-block-kadence-pane kt-accordion-pane kt-accordion-pane-5 kt-pane3821_d005d6-92\"><div class=\"kt-accordion-header-wrap\"><button class=\"kt-blocks-accordion-header kt-acccordion-button-label-show\" type=\"button\"><span class=\"kt-blocks-accordion-title-wrap\"><span class=\"kt-blocks-accordion-title\"><strong>Legislaci\u00f3n y Derechos<\/strong><\/span><\/span><span class=\"kt-blocks-accordion-icon-trigger\"><\/span><\/button><\/div><div class=\"kt-accordion-panel\"><div class=\"kt-accordion-panel-inner\">\n<p class=\"kt-adv-heading3821_975d86-54 wp-block-kadence-advancedheading\" data-kb-block=\"kb-adv-heading3821_975d86-54\"><strong>Objetivo<\/strong><br>Brindar informaci\u00f3n clara y accesible sobre los derechos de las personas con discapacidad y neurodiversidad, fomentando la sensibilizaci\u00f3n y el acceso a recursos legales.<\/p>\n<\/div><\/div><\/div>\n<\/div><\/div><\/div>\n<\/div><\/div>\n\n\n\n\n\n<div class=\"wp-block-kadence-column kadence-column3821_4a4731-4b inner-column-1\"><div class=\"kt-inside-inner-col\">\n<h2 class=\"kt-adv-heading3821_57dfa5-f3 wp-block-kadence-advancedheading has-theme-palette-3-color has-text-color\" data-kb-block=\"kb-adv-heading3821_57dfa5-f3\">Video sobre Adaptaci\u00f3n Curricular<\/h2>\n\n\n\n<p class=\"kt-adv-heading3821_310e63-5c wp-block-kadence-advancedheading has-theme-palette-3-color has-text-color\" data-kb-block=\"kb-adv-heading3821_310e63-5c\">Aqu\u00ed tienes un video que explica qu\u00e9 son las adaptaciones curriculares y c\u00f3mo se implementan en la educaci\u00f3n inclusiva:<\/p>\n\n\n\n<div class=\"wp-block-kadence-advancedbtn kb-buttons-wrap kb-btns3821_dfb6be-de\"><\/div>\n\n\n\n<p class=\"kt-adv-heading3821_cea08b-ab wp-block-kadence-advancedheading has-theme-palette-3-color has-text-color\" data-kb-block=\"kb-adv-heading3821_cea08b-ab\">Este video explica de manera sencilla los tipos de adaptaciones curriculares, c\u00f3mo se aplican en el aula y su importancia para garantizar el derecho a la educaci\u00f3n inclusiva.<\/p>\n<\/div><\/div>\n\n","protected":false},"excerpt":{"rendered":"","protected":false},"author":9,"featured_media":0,"parent":0,"menu_order":0,"comment_status":"closed","ping_status":"closed","template":"","meta":{"footnotes":""},"class_list":["post-3821","page","type-page","status-publish","hentry","latest_post"],"_links":{"self":[{"href":"https:\/\/www.utbb.edu.mx\/index.php?rest_route=\/wp\/v2\/pages\/3821","targetHints":{"allow":["GET"]}}],"collection":[{"href":"https:\/\/www.utbb.edu.mx\/index.php?rest_route=\/wp\/v2\/pages"}],"about":[{"href":"https:\/\/www.utbb.edu.mx\/index.php?rest_route=\/wp\/v2\/types\/page"}],"author":[{"embeddable":true,"href":"https:\/\/www.utbb.edu.mx\/index.php?rest_route=\/wp\/v2\/users\/9"}],"replies":[{"embeddable":true,"href":"https:\/\/www.utbb.edu.mx\/index.php?rest_route=%2Fwp%2Fv2%2Fcomments&post=3821"}],"version-history":[{"count":30,"href":"https:\/\/www.utbb.edu.mx\/index.php?rest_route=\/wp\/v2\/pages\/3821\/revisions"}],"predecessor-version":[{"id":3883,"href":"https:\/\/www.utbb.edu.mx\/index.php?rest_route=\/wp\/v2\/pages\/3821\/revisions\/3883"}],"wp:attachment":[{"href":"https:\/\/www.utbb.edu.mx\/index.php?rest_route=%2Fwp%2Fv2%2Fmedia&parent=3821"}],"curies":[{"name":"wp","href":"https:\/\/api.w.org\/{rel}","templated":true}]}}